{"id":957,"date":"2016-03-15T19:18:07","date_gmt":"2016-03-15T18:18:07","guid":{"rendered":"http:\/\/www.kreisfeuerwehrverband-vechta.de\/?page_id=957"},"modified":"2026-08-19T15:20:25","modified_gmt":"2026-08-19T13:20:25","slug":"calendar","status":"publish","type":"page","link":"https:\/\/www.kreisfeuerwehrverband-vechta.de\/?page_id=957","title":{"rendered":"Lehrgangstermine"},"content":{"rendered":"<p>Auf dieser Seite befindet sich die \u00dcbersicht der Lehrg\u00e4nge an der feuerwehrtechnischen Zentrale (FTZ) des Landkreises Vechta. Weitere Informationen zu den jeweiligen Lehrg\u00e4ngen <a href=\"http:\/\/www.kreisfeuerwehrverband-vechta.de\/?page_id=233\">unter diesem Link<\/a>!<\/p>\n<hr>\n<h2 style=\"text-align: center;\"><span style=\"font-size: 14pt;\"><span style=\"font-size: 18pt;\">Lehrgangsjahr<\/span> 2026<\/span><\/h2>\n<table style=\"border-collapse: collapse; width: 100.014%; height: 323px;\">\n<tbody>\n<tr style=\"height: 24px;\">\n<td style=\"width: 1204.53px; height: 24px; background-color: #d9d9d9; text-align: center;\" colspan=\"2\"><strong><span style=\"color: #000000;\">September 2026<\/span><\/strong><\/td>\n<\/tr>\n<tr style=\"height: 24px;\">\n<td style=\"width: 600.81px; text-align: center; height: 24px;\">26.09.2026<\/td>\n<td style=\"width: 600.824px; text-align: center; height: 24px;\">W\u00e4rmegew\u00f6hnung<\/td>\n<\/tr>\n<tr style=\"height: 23px;\">\n<td style=\"width: 600.81px; text-align: center; height: 23px;\">28.09. &#8211; 02.10.2026<\/td>\n<td style=\"width: 600.824px; text-align: center; height: 23px;\">Maschinist<\/td>\n<\/tr>\n<tr style=\"height: 24px;\">\n<td style=\"width: 1204.53px; height: 24px; background-color: #d9d9d9; text-align: center;\" colspan=\"2\"><span style=\"color: #000000;\"><strong>Oktober 2026<\/strong><\/span><\/td>\n<\/tr>\n<tr style=\"height: 24px;\">\n<td style=\"width: 600.81px; text-align: center; height: 24px;\">10.10.2026<\/td>\n<td style=\"width: 600.824px; text-align: center; height: 24px;\">Truppmann 2 -&gt; Truppf\u00fchrende<\/td>\n<\/tr>\n<tr style=\"height: 23px;\">\n<td style=\"width: 600.81px; text-align: center; height: 23px;\">15.10. &#8211; 16.10.2026<\/td>\n<td style=\"width: 600.824px; text-align: center; height: 23px;\">F\u00fchrungshilfspersonal ELW<\/td>\n<\/tr>\n<tr style=\"height: 24px;\">\n<td style=\"width: 600.81px; text-align: center; height: 24px;\">19.10. &#8211; 23.10.2026<\/td>\n<td style=\"width: 600.824px; text-align: center; height: 24px;\">Truppmitglied<\/td>\n<\/tr>\n<tr style=\"height: 21px;\">\n<td style=\"width: 1204.53px; height: 24px; background-color: #d9d9d9; text-align: center;\" colspan=\"2\"><span style=\"color: #000000;\"><strong>November 2026<\/strong><\/span><\/td>\n<\/tr>\n<tr style=\"height: 24px;\">\n<td style=\"width: 600.81px; text-align: center; height: 24px;\">28.11.2026<\/td>\n<td style=\"width: 600.824px; text-align: center; height: 24px;\">Einsatztaktik im AT-Einsatz<\/td>\n<\/tr>\n<\/tbody>\n<\/table>\n<h2 style=\"text-align: center;\">Lehrgangsjahr 2027<\/h2>\n<table style=\"width: 100%;\">\n<tbody>\n<tr>\n<td style=\"width: 125.455px;\">TF 27001<\/td>\n<td style=\"width: 491.619px;\">Truppmann 2 zu Truppf\u00fchrende<\/td>\n<td style=\"width: 236.562px;\">09.01.2027<\/td>\n<td style=\"width: 326.562px;\">&nbsp;<\/td>\n<\/tr>\n<tr>\n<td style=\"width: 125.455px;\">TF 27002<\/td>\n<td style=\"width: 491.619px;\">Truppmann 2 zu Truppf\u00fchrende<\/td>\n<td style=\"width: 236.562px;\">16.01.2027<\/td>\n<td style=\"width: 326.562px;\">&nbsp;<\/td>\n<\/tr>\n<tr>\n<td style=\"width: 125.455px;\">TF 27003<\/td>\n<td style=\"width: 491.619px;\">Truppmann 2 zu Truppf\u00fchrende<\/td>\n<td style=\"width: 236.562px;\">20.02.2027<\/td>\n<td style=\"width: 326.562px;\">&nbsp;<\/td>\n<\/tr>\n<tr>\n<td style=\"width: 125.455px;\">TF 27004<\/td>\n<td style=\"width: 491.619px;\">Truppmann 2 zu Truppf\u00fchrende<\/td>\n<td style=\"width: 236.562px;\">27.02.2027<\/td>\n<td style=\"width: 326.562px;\">&nbsp;<\/td>\n<\/tr>\n<tr>\n<td style=\"width: 125.455px;\">AT 27001<\/td>\n<td style=\"width: 491.619px;\">Atemschutzger\u00e4tetr\u00e4ger<\/td>\n<td style=\"width: 236.562px;\">01.03. &#8211; 04.03.2027<\/td>\n<td style=\"width: 326.562px;\">&nbsp;<\/td>\n<\/tr>\n<tr>\n<td style=\"width: 125.455px;\">SP 27001<\/td>\n<td style=\"width: 491.619px;\">Sprechfunker im Digitalfunk<\/td>\n<td style=\"width: 236.562px;\">05.03. &#8211; 06.03.2027<\/td>\n<td style=\"width: 326.562px;\">&nbsp;<\/td>\n<\/tr>\n<tr>\n<td style=\"width: 125.455px;\">ET AT 27001<\/td>\n<td style=\"width: 491.619px;\">Einsatztaktik im AT-Einsatz<\/td>\n<td style=\"width: 236.562px;\">20.03.2027<\/td>\n<td style=\"width: 326.562px;\">&nbsp;<\/td>\n<\/tr>\n<tr>\n<td style=\"width: 125.455px;\">TM 27001<\/td>\n<td style=\"width: 491.619px;\">Truppmitglied<\/td>\n<td style=\"width: 236.562px;\">30.03 &#8211; 03.04.2027<\/td>\n<td style=\"width: 326.562px;\">&nbsp;<\/td>\n<\/tr>\n<tr>\n<td style=\"width: 125.455px;\">EL 27001<\/td>\n<td style=\"width: 491.619px;\">F\u00fchrungshilfspersonal ELW<\/td>\n<td style=\"width: 236.562px;\">08.04. &#8211; 09.04.2027<\/td>\n<td style=\"width: 326.562px;\">&nbsp;<\/td>\n<\/tr>\n<tr>\n<td style=\"width: 125.455px;\">MA 27001<\/td>\n<td style=\"width: 491.619px;\">Maschinist<\/td>\n<td style=\"width: 236.562px;\">12.04. &#8211; 16.04.2027<\/td>\n<td style=\"width: 326.562px;\">&nbsp;<\/td>\n<\/tr>\n<tr>\n<td style=\"width: 125.455px;\">CSA 27001<\/td>\n<td style=\"width: 491.619px;\">CSA-Tr\u00e4ger<\/td>\n<td style=\"width: 236.562px;\">17.04.2027<\/td>\n<td style=\"width: 326.562px;\">&nbsp;<\/td>\n<\/tr>\n<tr>\n<td style=\"width: 125.455px;\">AT 27002<\/td>\n<td style=\"width: 491.619px;\">Atemschutzger\u00e4tetr\u00e4ger<\/td>\n<td style=\"width: 236.562px;\">07.06. &#8211; 10.06.2027<\/td>\n<td style=\"width: 326.562px;\">Optional nach Bedarf<\/td>\n<\/tr>\n<tr>\n<td style=\"width: 125.455px;\">SP 27002<\/td>\n<td style=\"width: 491.619px;\">Sprechfunker im Digitalfunk<\/td>\n<td style=\"width: 236.562px;\">11.06. &#8211; 12.06.2027<\/td>\n<td style=\"width: 326.562px;\">Optional nach Bedarf<\/td>\n<\/tr>\n<tr>\n<td style=\"width: 125.455px;\">TM 27002<\/td>\n<td style=\"width: 491.619px;\">Truppmitglied<\/td>\n<td style=\"width: 236.562px;\">05.07. &#8211; 09.07.2027<\/td>\n<td style=\"width: 326.562px;\">Optional nach Bedarf<\/td>\n<\/tr>\n<tr>\n<td style=\"width: 125.455px;\">AT 27003<\/td>\n<td style=\"width: 491.619px;\">Atemschutzger\u00e4tetr\u00e4ger<\/td>\n<td style=\"width: 236.562px;\">06.09. &#8211; 09.09.2027<\/td>\n<td style=\"width: 326.562px;\">&nbsp;<\/td>\n<\/tr>\n<tr>\n<td style=\"width: 125.455px;\">SP 27003<\/td>\n<td style=\"width: 491.619px;\">Sprechfunker im Digitalfunk<\/td>\n<td style=\"width: 236.562px;\">10.09. &#8211; 11.09.2027<\/td>\n<td style=\"width: 326.562px;\">&nbsp;<\/td>\n<\/tr>\n<tr>\n<td style=\"width: 125.455px;\">WG 27001<\/td>\n<td style=\"width: 491.619px;\">W\u00e4rmegew\u00f6hnung<\/td>\n<td style=\"width: 236.562px;\">25.09.2027<\/td>\n<td style=\"width: 326.562px;\">&nbsp;<\/td>\n<\/tr>\n<tr>\n<td style=\"width: 125.455px;\">MA 27002<\/td>\n<td style=\"width: 491.619px;\">Maschinist<\/td>\n<td style=\"width: 236.562px;\">04.10 bis 08.10.2027<\/td>\n<td style=\"width: 326.562px;\">&nbsp;<\/td>\n<\/tr>\n<tr>\n<td style=\"width: 125.455px;\">CSA 27002<\/td>\n<td style=\"width: 491.619px;\">CSA-Tr\u00e4ger<\/td>\n<td style=\"width: 236.562px;\">09.10.2027<\/td>\n<td style=\"width: 326.562px;\">&nbsp;<\/td>\n<\/tr>\n<tr>\n<td style=\"width: 125.455px;\">EL 27002<\/td>\n<td style=\"width: 491.619px;\">F\u00fchrungshilfspersonal ELW<\/td>\n<td style=\"width: 236.562px;\">14.10. &#8211; 15.10.2027<\/td>\n<td style=\"width: 326.562px;\">&nbsp;<\/td>\n<\/tr>\n<tr>\n<td style=\"width: 125.455px;\">TM 27003<\/td>\n<td style=\"width: 491.619px;\">Truppmitglied<\/td>\n<td style=\"width: 236.562px;\">18.10. &#8211; 22.10.2027<\/td>\n<td style=\"width: 326.562px;\">&nbsp;<\/td>\n<\/tr>\n<tr>\n<td style=\"width: 125.455px;\">ET AT 27002<\/td>\n<td style=\"width: 491.619px;\">Einsatztaktik im AT-Einsatz<\/td>\n<td style=\"width: 236.562px;\">06.11.2027<\/td>\n<td style=\"width: 326.562px;\">&nbsp;<\/td>\n<\/tr>\n<\/tbody>\n<\/table>\n<p><em><span style=\"font-size: 10pt;\"><strong>Stand:<\/strong> 01.08.2026<\/span><\/em><\/p>\n","protected":false},"excerpt":{"rendered":"<p>Auf dieser Seite befindet sich die \u00dcbersicht der Lehrg\u00e4nge an der feuerwehrtechnischen Zentrale (FTZ) des Landkreises Vechta. Weitere Informationen zu den jeweiligen Lehrg\u00e4ngen unter diesem Link! Lehrgangsjahr 2026 September 2026 26.09.2026 W\u00e4rmegew\u00f6hnung 28.09. &#8211; 02.10.2026 Maschinist Oktober 2026 10.10.2026 Truppmann<\/p>\n","protected":false},"author":1,"featured_media":0,"parent":300,"menu_order":0,"comment_status":"closed","ping_status":"closed","template":"","meta":{"ngg_post_thumbnail":0,"footnotes":""},"class_list":["post-957","page","type-page","status-publish","hentry"],"_links":{"self":[{"href":"https:\/\/www.kreisfeuerwehrverband-vechta.de\/index.php?rest_route=\/wp\/v2\/pages\/957","targetHints":{"allow":["GET"]}}],"collection":[{"href":"https:\/\/www.kreisfeuerwehrverband-vechta.de\/index.php?rest_route=\/wp\/v2\/pages"}],"about":[{"href":"https:\/\/www.kreisfeuerwehrverband-vechta.de\/index.php?rest_route=\/wp\/v2\/types\/page"}],"author":[{"embeddable":true,"href":"https:\/\/www.kreisfeuerwehrverband-vechta.de\/index.php?rest_route=\/wp\/v2\/users\/1"}],"replies":[{"embeddable":true,"href":"https:\/\/www.kreisfeuerwehrverband-vechta.de\/index.php?rest_route=%2Fwp%2Fv2%2Fcomments&post=957"}],"version-history":[{"count":0,"href":"https:\/\/www.kreisfeuerwehrverband-vechta.de\/index.php?rest_route=\/wp\/v2\/pages\/957\/revisions"}],"up":[{"embeddable":true,"href":"https:\/\/www.kreisfeuerwehrverband-vechta.de\/index.php?rest_route=\/wp\/v2\/pages\/300"}],"wp:attachment":[{"href":"https:\/\/www.kreisfeuerwehrverband-vechta.de\/index.php?rest_route=%2Fwp%2Fv2%2Fmedia&parent=957"}],"curies":[{"name":"wp","href":"https:\/\/api.w.org\/{rel}","templated":true}]}}